{"id":696,"date":"2021-11-30T06:05:38","date_gmt":"2021-11-30T06:05:38","guid":{"rendered":"https:\/\/cortesdecabelofeminino.com.br\/?page_id=696"},"modified":"2022-11-05T19:21:36","modified_gmt":"2022-11-05T19:21:36","slug":"home","status":"publish","type":"page","link":"https:\/\/cortesdecabelofeminino.com.br\/es\/","title":{"rendered":"hogar"},"content":{"rendered":"<div data-elementor-type=\"wp-page\" data-elementor-id=\"696\" class=\"elementor elementor-696\">\n\t\t\t\t\t\t\t\t\t<section class=\"elementor-section elementor-top-section elementor-element elementor-element-5b1aae02 elementor-section-full_width elementor-section-height-default elementor-section-height-default\" data-id=\"5b1aae02\" data-element_type=\"section\">\n\t\t\t\t\t\t<div class=\"elementor-container elementor-column-gap-no\">\n\t\t\t\t\t<div class=\"elementor-column elementor-col-100 elementor-top-column elementor-element elementor-element-75a94041\" data-id=\"75a94041\" data-element_type=\"column\">\n\t\t\t<div class=\"elementor-widget-wrap elementor-element-populated\">\n\t\t\t\t\t\t\t\t<div class=\"elementor-element elementor-element-4e2e5e3f elementor-widget elementor-widget-shortcode\" data-id=\"4e2e5e3f\" data-element_type=\"widget\" data-widget_type=\"shortcode.default\">\n\t\t\t\t<div class=\"elementor-widget-container\">\n\t\t\t\t\t<div class=\"elementor-shortcode\">\t\t<div data-elementor-type=\"header\" data-elementor-id=\"350\" class=\"elementor elementor-350\">\n\t\t\t\t\t\t\t\t<section class=\"elementor-section elementor-top-section elementor-element elementor-element-e94c472 elementor-section-full_width elementor-section-height-default elementor-section-height-default\" data-id=\"e94c472\" data-element_type=\"section\" data-settings=\"{&quot;background_background&quot;:&quot;classic&quot;}\">\n\t\t\t\t\t\t<div class=\"elementor-container elementor-column-gap-default\">\n\t\t\t\t\t<div class=\"elementor-column elementor-col-100 elementor-top-column elementor-element elementor-element-07731a7\" data-id=\"07731a7\" data-element_type=\"column\">\n\t\t\t<div class=\"elementor-widget-wrap elementor-element-populated\">\n\t\t\t\t\t\t\t\t<div class=\"elementor-element elementor-element-15b465f elementor-widget-mobile__width-auto elementor-widget elementor-widget-image\" data-id=\"15b465f\" data-element_type=\"widget\" data-widget_type=\"image.default\">\n\t\t\t\t<div class=\"elementor-widget-container\">\n\t\t\t\t\t\t\t\t\t\t\t\t\t\t\t\t<a href=\"https:\/\/cortesdecabelofeminino.com.br\/es\/\">\n\t\t\t\t\t\t\t<img decoding=\"async\" src=\"https:\/\/cortesdecabelofeminino.com.br\/wp-content\/uploads\/elementor\/thumbs\/corte-de-cabelo-feminino-qxxre75rv4w726raf5nixvqr0py0ezu3fvakffmclo.png\" title=\"cortes de pelo femenino\" alt=\"cortes de pelo femenino\" \/>\t\t\t\t\t\t\t\t<\/a>\n\t\t\t\t\t\t\t\t\t\t\t\t\t\t\t<\/div>\n\t\t\t\t<\/div>\n\t\t\t\t<div class=\"elementor-element elementor-element-deb15d9 elementor-nav-menu__align-center elementor-nav-menu--dropdown-mobile elementor-nav-menu--stretch elementor-widget-mobile__width-auto elementor-nav-menu__text-align-aside elementor-nav-menu--toggle elementor-nav-menu--burger elementor-widget elementor-widget-nav-menu\" data-id=\"deb15d9\" data-element_type=\"widget\" data-settings=\"{&quot;full_width&quot;:&quot;stretch&quot;,&quot;layout&quot;:&quot;horizontal&quot;,&quot;submenu_icon&quot;:{&quot;value&quot;:&quot;&lt;i class=\\&quot;fas fa-caret-down\\&quot;&gt;&lt;\\\/i&gt;&quot;,&quot;library&quot;:&quot;fa-solid&quot;},&quot;toggle&quot;:&quot;burger&quot;}\" data-widget_type=\"nav-menu.default\">\n\t\t\t\t<div class=\"elementor-widget-container\">\n\t\t\t\t\t\t<nav migration_allowed=\"1\" migrated=\"0\" role=\"navigation\" class=\"elementor-nav-menu--main elementor-nav-menu__container elementor-nav-menu--layout-horizontal e--pointer-none\">\n\t\t\t\t<ul id=\"menu-1-deb15d9\" class=\"elementor-nav-menu\"><li class=\"menu-item menu-item-type-taxonomy menu-item-object-category menu-item-2935\"><a href=\"https:\/\/cortesdecabelofeminino.com.br\/es\/categoria\/pelo-corto\/\" class=\"elementor-item\">Pelo corto<\/a><\/li>\n<li class=\"menu-item menu-item-type-taxonomy menu-item-object-category menu-item-2937\"><a href=\"https:\/\/cortesdecabelofeminino.com.br\/es\/categoria\/pelo-medio\/\" class=\"elementor-item\">Pelo medio<\/a><\/li>\n<li class=\"menu-item menu-item-type-taxonomy menu-item-object-category menu-item-2936\"><a href=\"https:\/\/cortesdecabelofeminino.com.br\/es\/categoria\/pelo-largo\/\" class=\"elementor-item\">Pelo largo<\/a><\/li>\n<li class=\"menu-item menu-item-type-taxonomy menu-item-object-category menu-item-3456\"><a href=\"https:\/\/cortesdecabelofeminino.com.br\/es\/categoria\/colores-de-cabello\/\" class=\"elementor-item\">colores de cabello<\/a><\/li>\n<li class=\"menu-item menu-item-type-custom menu-item-object-custom menu-item-has-children menu-item-2950\"><a href=\"#\" class=\"elementor-item elementor-item-anchor\">peinados<\/a>\n<ul class=\"sub-menu elementor-nav-menu--dropdown\">\n\t<li class=\"menu-item menu-item-type-taxonomy menu-item-object-category menu-item-2948\"><a href=\"https:\/\/cortesdecabelofeminino.com.br\/es\/categoria\/cerraduras\/\" class=\"elementor-sub-item\">trenzas para el cabello<\/a><\/li>\n\t<li class=\"menu-item menu-item-type-taxonomy menu-item-object-category menu-item-4842\"><a href=\"https:\/\/cortesdecabelofeminino.com.br\/es\/categoria\/peinado-recogido\/\" class=\"elementor-sub-item\">peinado recogido<\/a><\/li>\n\t<li class=\"menu-item menu-item-type-taxonomy menu-item-object-category menu-item-2946\"><a href=\"https:\/\/cortesdecabelofeminino.com.br\/es\/categoria\/peinados\/\" class=\"elementor-sub-item\">Peinados para el cabello de las mujeres<\/a><\/li>\n<\/ul>\n<\/li>\n<li class=\"menu-item menu-item-type-custom menu-item-object-custom menu-item-has-children menu-item-4206\"><a href=\"#\" class=\"elementor-item elementor-item-anchor\">tipos de cortes<\/a>\n<ul class=\"sub-menu elementor-nav-menu--dropdown\">\n\t<li class=\"menu-item menu-item-type-taxonomy menu-item-object-category menu-item-4207\"><a href=\"https:\/\/cortesdecabelofeminino.com.br\/es\/categoria\/corte-de-pelo-para-mujeres-mayores-de-60-anos\/\" class=\"elementor-sub-item\">Para Mujeres +60<\/a><\/li>\n\t<li class=\"menu-item menu-item-type-taxonomy menu-item-object-category menu-item-7944\"><a href=\"https:\/\/cortesdecabelofeminino.com.br\/es\/categoria\/cortes-de-pelo-bob\/\" class=\"elementor-sub-item\">Beto<\/a><\/li>\n\t<li class=\"menu-item menu-item-type-taxonomy menu-item-object-category menu-item-8218\"><a href=\"https:\/\/cortesdecabelofeminino.com.br\/es\/categoria\/cortes-de-pelo-pixie-2\/\" class=\"elementor-sub-item\">corte pixie<\/a><\/li>\n<\/ul>\n<\/li>\n<\/ul>\t\t\t<\/nav>\n\t\t\t\t\t<div class=\"elementor-menu-toggle\" role=\"button\" tabindex=\"0\" aria-label=\"Alternar men\u00fa\" aria-expanded=\"false\">\n\t\t\t<i aria-hidden=\"true\" role=\"presentation\" class=\"elementor-menu-toggle__icon--open eicon-menu-bar\"><\/i><i aria-hidden=\"true\" role=\"presentation\" class=\"elementor-menu-toggle__icon--close eicon-close\"><\/i>\t\t\t<span class=\"elementor-screen-only\">Men\u00fa<\/span>\n\t\t<\/div>\n\t\t\t<nav class=\"elementor-nav-menu--dropdown elementor-nav-menu__container\" role=\"navigation\" aria-hidden=\"true\">\n\t\t\t\t<ul id=\"menu-2-deb15d9\" class=\"elementor-nav-menu\"><li class=\"menu-item menu-item-type-taxonomy menu-item-object-category menu-item-2935\"><a href=\"https:\/\/cortesdecabelofeminino.com.br\/es\/categoria\/pelo-corto\/\" class=\"elementor-item\" tabindex=\"-1\">Pelo corto<\/a><\/li>\n<li class=\"menu-item menu-item-type-taxonomy menu-item-object-category menu-item-2937\"><a href=\"https:\/\/cortesdecabelofeminino.com.br\/es\/categoria\/pelo-medio\/\" class=\"elementor-item\" tabindex=\"-1\">Pelo medio<\/a><\/li>\n<li class=\"menu-item menu-item-type-taxonomy menu-item-object-category menu-item-2936\"><a href=\"https:\/\/cortesdecabelofeminino.com.br\/es\/categoria\/pelo-largo\/\" class=\"elementor-item\" tabindex=\"-1\">Pelo largo<\/a><\/li>\n<li class=\"menu-item menu-item-type-taxonomy menu-item-object-category menu-item-3456\"><a href=\"https:\/\/cortesdecabelofeminino.com.br\/es\/categoria\/colores-de-cabello\/\" class=\"elementor-item\" tabindex=\"-1\">colores de cabello<\/a><\/li>\n<li class=\"menu-item menu-item-type-custom menu-item-object-custom menu-item-has-children menu-item-2950\"><a href=\"#\" class=\"elementor-item elementor-item-anchor\" tabindex=\"-1\">peinados<\/a>\n<ul class=\"sub-menu elementor-nav-menu--dropdown\">\n\t<li class=\"menu-item menu-item-type-taxonomy menu-item-object-category menu-item-2948\"><a href=\"https:\/\/cortesdecabelofeminino.com.br\/es\/categoria\/cerraduras\/\" class=\"elementor-sub-item\" tabindex=\"-1\">trenzas para el cabello<\/a><\/li>\n\t<li class=\"menu-item menu-item-type-taxonomy menu-item-object-category menu-item-4842\"><a href=\"https:\/\/cortesdecabelofeminino.com.br\/es\/categoria\/peinado-recogido\/\" class=\"elementor-sub-item\" tabindex=\"-1\">peinado recogido<\/a><\/li>\n\t<li class=\"menu-item menu-item-type-taxonomy menu-item-object-category menu-item-2946\"><a href=\"https:\/\/cortesdecabelofeminino.com.br\/es\/categoria\/peinados\/\" class=\"elementor-sub-item\" tabindex=\"-1\">Peinados para el cabello de las mujeres<\/a><\/li>\n<\/ul>\n<\/li>\n<li class=\"menu-item menu-item-type-custom menu-item-object-custom menu-item-has-children menu-item-4206\"><a href=\"#\" class=\"elementor-item elementor-item-anchor\" tabindex=\"-1\">tipos de cortes<\/a>\n<ul class=\"sub-menu elementor-nav-menu--dropdown\">\n\t<li class=\"menu-item menu-item-type-taxonomy menu-item-object-category menu-item-4207\"><a href=\"https:\/\/cortesdecabelofeminino.com.br\/es\/categoria\/corte-de-pelo-para-mujeres-mayores-de-60-anos\/\" class=\"elementor-sub-item\" tabindex=\"-1\">Para Mujeres +60<\/a><\/li>\n\t<li class=\"menu-item menu-item-type-taxonomy menu-item-object-category menu-item-7944\"><a href=\"https:\/\/cortesdecabelofeminino.com.br\/es\/categoria\/cortes-de-pelo-bob\/\" class=\"elementor-sub-item\" tabindex=\"-1\">Beto<\/a><\/li>\n\t<li class=\"menu-item menu-item-type-taxonomy menu-item-object-category menu-item-8218\"><a href=\"https:\/\/cortesdecabelofeminino.com.br\/es\/categoria\/cortes-de-pelo-pixie-2\/\" class=\"elementor-sub-item\" tabindex=\"-1\">corte pixie<\/a><\/li>\n<\/ul>\n<\/li>\n<\/ul>\t\t\t<\/nav>\n\t\t\t\t<\/div>\n\t\t\t\t<\/div>\n\t\t\t\t<div class=\"elementor-element elementor-element-c537241 elementor-widget-divider--view-line elementor-widget elementor-widget-divider\" data-id=\"c537241\" data-element_type=\"widget\" data-widget_type=\"divider.default\">\n\t\t\t\t<div class=\"elementor-widget-container\">\n\t\t\t\t\t<div class=\"elementor-divider\">\n\t\t\t<span class=\"elementor-divider-separator\">\n\t\t\t\t\t\t<\/span>\n\t\t<\/div>\n\t\t\t\t<\/div>\n\t\t\t\t<\/div>\n\t\t\t\t\t<\/div>\n\t\t<\/div>\n\t\t\t\t\t\t\t<\/div>\n\t\t<\/section>\n\t\t\t\t\t\t<\/div>\n\t\t<\/div>\n\t\t\t\t<\/div>\n\t\t\t\t<\/div>\n\t\t\t\t<div class=\"elementor-element elementor-element-6fdc603c elementor-grid-6 elementor-grid-tablet-3 elementor-posts--align-center elementor-grid-mobile-2 elementor-posts--thumbnail-top elementor-widget elementor-widget-posts\" data-id=\"6fdc603c\" data-element_type=\"widget\" data-settings=\"{&quot;classic_columns&quot;:&quot;6&quot;,&quot;classic_columns_tablet&quot;:&quot;3&quot;,&quot;classic_columns_mobile&quot;:&quot;2&quot;,&quot;classic_row_gap_mobile&quot;:{&quot;unit&quot;:&quot;px&quot;,&quot;size&quot;:-9,&quot;sizes&quot;:[]},&quot;classic_row_gap&quot;:{&quot;unit&quot;:&quot;px&quot;,&quot;size&quot;:35,&quot;sizes&quot;:[]},&quot;classic_row_gap_tablet&quot;:{&quot;unit&quot;:&quot;px&quot;,&quot;size&quot;:&quot;&quot;,&quot;sizes&quot;:[]}}\" data-widget_type=\"posts.classic\">\n\t\t\t\t<div class=\"elementor-widget-container\">\n\t\t\t\t\t<div class=\"elementor-posts-container elementor-posts elementor-posts--skin-classic elementor-grid\">\n\t\t\t\t<article class=\"elementor-post elementor-grid-item post-8816 post type-post status-publish format-standard has-post-thumbnail hentry category-cabelo-curto\">\n\t\t\t\t<a class=\"elementor-post__thumbnail__link\" href=\"https:\/\/cortesdecabelofeminino.com.br\/es\/corte-de-pelo-corto-2023\/\" >\n\t\t\t<div class=\"elementor-post__thumbnail\"><img loading=\"lazy\" decoding=\"async\" width=\"1080\" height=\"1137\" src=\"https:\/\/cortesdecabelofeminino.com.br\/wp-content\/uploads\/2022\/09\/mais-de-40-cortes-de-cabelo-curtos-assimetricos-curtos-para-mulheres_632cf1b5b63f6.jpeg\" class=\"attachment-full size-full\" alt=\"Corte de pelo bob asim\u00e9trico 2023\" \/><\/div>\n\t\t<\/a>\n\t\t\t\t<div class=\"elementor-post__text\">\n\t\t\t\t<div class=\"elementor-post__title\">\n\t\t\t<a href=\"https:\/\/cortesdecabelofeminino.com.br\/es\/corte-de-pelo-corto-2023\/\" >\n\t\t\t\tCorte de pelo corto 2023\t\t\t<\/a>\n\t\t<\/div>\n\t\t\t\t<\/div>\n\t\t\t\t<\/article>\n\t\t\t\t<article class=\"elementor-post elementor-grid-item post-8574 post type-post status-publish format-standard has-post-thumbnail hentry category-cabelo-peekaboo\">\n\t\t\t\t<a class=\"elementor-post__thumbnail__link\" href=\"https:\/\/cortesdecabelofeminino.com.br\/es\/pelo-peekaboo-2023\/\" >\n\t\t\t<div class=\"elementor-post__thumbnail\"><img loading=\"lazy\" decoding=\"async\" width=\"1080\" height=\"1080\" src=\"https:\/\/cortesdecabelofeminino.com.br\/wp-content\/uploads\/2022\/10\/50-ideias-de-cabelo-peekaboo-e-estilos-de-tendencias-em-2022_633d098c7abe5.jpeg\" class=\"attachment-full size-full\" alt=\"\" \/><\/div>\n\t\t<\/a>\n\t\t\t\t<div class=\"elementor-post__text\">\n\t\t\t\t<div class=\"elementor-post__title\">\n\t\t\t<a href=\"https:\/\/cortesdecabelofeminino.com.br\/es\/pelo-peekaboo-2023\/\" >\n\t\t\t\tPeekaboo Hair 2023: vea m\u00e1s de 50 ideas geniales para el cabello peekaboo\t\t\t<\/a>\n\t\t<\/div>\n\t\t\t\t<\/div>\n\t\t\t\t<\/article>\n\t\t\t\t<article class=\"elementor-post elementor-grid-item post-8504 post type-post status-publish format-standard has-post-thumbnail hentry category-cabelo-curto category-cabelo-longo category-cabelo-medio category-corte-de-cabelo-wolf-cut\">\n\t\t\t\t<a class=\"elementor-post__thumbnail__link\" href=\"https:\/\/cortesdecabelofeminino.com.br\/es\/corte-de-cabello-lobo-corte-2023\/\" >\n\t\t\t<div class=\"elementor-post__thumbnail\"><img loading=\"lazy\" decoding=\"async\" width=\"1080\" height=\"1350\" src=\"https:\/\/cortesdecabelofeminino.com.br\/wp-content\/uploads\/2022\/10\/wolf-cut-o-que-e-isso-como-estiliza-lo-e-46-ideias-inspiradoras-de-corte-de-cabelo-de-lobo_6339360ec5cf1.jpeg\" class=\"attachment-full size-full\" alt=\"\" \/><\/div>\n\t\t<\/a>\n\t\t\t\t<div class=\"elementor-post__text\">\n\t\t\t\t<div class=\"elementor-post__title\">\n\t\t\t<a href=\"https:\/\/cortesdecabelofeminino.com.br\/es\/corte-de-cabello-lobo-corte-2023\/\" >\n\t\t\t\tCorte de pelo Wolf Cut 2023: vea m\u00e1s de 40 modelos, qu\u00e9 es y c\u00f3mo usar este corte\t\t\t<\/a>\n\t\t<\/div>\n\t\t\t\t<\/div>\n\t\t\t\t<\/article>\n\t\t\t\t<article class=\"elementor-post elementor-grid-item post-8450 post type-post status-publish format-standard has-post-thumbnail hentry category-cortes-de-cabelo-pixie-cut category-cabelo-curto\">\n\t\t\t\t<a class=\"elementor-post__thumbnail__link\" href=\"https:\/\/cortesdecabelofeminino.com.br\/es\/corte-de-cabello-bixie-cut-2023\/\" >\n\t\t\t<div class=\"elementor-post__thumbnail\"><img loading=\"lazy\" decoding=\"async\" width=\"1440\" height=\"1526\" src=\"https:\/\/cortesdecabelofeminino.com.br\/wp-content\/uploads\/2022\/10\/bixie-cut-o-que-e-isso-como-estiliza-lo-mais-de-30-exemplos-de-cortes-de-cabelo-bixie_633921281faf2.jpeg\" class=\"attachment-full size-full\" alt=\"\" \/><\/div>\n\t\t<\/a>\n\t\t\t\t<div class=\"elementor-post__text\">\n\t\t\t\t<div class=\"elementor-post__title\">\n\t\t\t<a href=\"https:\/\/cortesdecabelofeminino.com.br\/es\/corte-de-cabello-bixie-cut-2023\/\" >\n\t\t\t\tCorte de pelo Bixie Cut 2023 \u2013 Mira 30 modelos, qu\u00e9 es este corte y c\u00f3mo usarlo\t\t\t<\/a>\n\t\t<\/div>\n\t\t\t\t<\/div>\n\t\t\t\t<\/article>\n\t\t\t\t<article class=\"elementor-post elementor-grid-item post-8409 post type-post status-publish format-standard has-post-thumbnail hentry category-cortes-de-cabelo-pixie-cut category-cabelo-curto\">\n\t\t\t\t<a class=\"elementor-post__thumbnail__link\" href=\"https:\/\/cortesdecabelofeminino.com.br\/es\/corte-de-pelo-mixie-cut-2023\/\" >\n\t\t\t<div class=\"elementor-post__thumbnail\"><img loading=\"lazy\" decoding=\"async\" width=\"1280\" height=\"1600\" src=\"https:\/\/cortesdecabelofeminino.com.br\/wp-content\/uploads\/2022\/10\/mixie-cut-o-que-e-isso-30-melhores-exemplos-de-cortes-de-cabelo-mistos_63385ed21c698.jpeg\" class=\"attachment-full size-full\" alt=\"\" \/><\/div>\n\t\t<\/a>\n\t\t\t\t<div class=\"elementor-post__text\">\n\t\t\t\t<div class=\"elementor-post__title\">\n\t\t\t<a href=\"https:\/\/cortesdecabelofeminino.com.br\/es\/corte-de-pelo-mixie-cut-2023\/\" >\n\t\t\t\tCorte de pelo Mixie Cut 2023: vea 30 modelos de este corte de pelo femenino\t\t\t<\/a>\n\t\t<\/div>\n\t\t\t\t<\/div>\n\t\t\t\t<\/article>\n\t\t\t\t<article class=\"elementor-post elementor-grid-item post-8369 post type-post status-publish format-standard has-post-thumbnail hentry category-cortes-de-cabelo-bob\">\n\t\t\t\t<a class=\"elementor-post__thumbnail__link\" href=\"https:\/\/cortesdecabelofeminino.com.br\/es\/corte-de-pelo-lob-2023\/\" >\n\t\t\t<div class=\"elementor-post__thumbnail\"><img loading=\"lazy\" decoding=\"async\" width=\"800\" height=\"1000\" src=\"https:\/\/cortesdecabelofeminino.com.br\/wp-content\/uploads\/2022\/09\/30-melhores-ideias-de-corte-de-cabelo-lob-que-nos-inspiraram-em-2022_6333ea8bd9335.jpeg\" class=\"attachment-full size-full\" alt=\"\" \/><\/div>\n\t\t<\/a>\n\t\t\t\t<div class=\"elementor-post__text\">\n\t\t\t\t<div class=\"elementor-post__title\">\n\t\t\t<a href=\"https:\/\/cortesdecabelofeminino.com.br\/es\/corte-de-pelo-lob-2023\/\" >\n\t\t\t\tLob Haircut 2023: vea las 30 mejores tendencias de corte de pelo lob\t\t\t<\/a>\n\t\t<\/div>\n\t\t\t\t<\/div>\n\t\t\t\t<\/article>\n\t\t\t\t<\/div>\n\n\n\t\t\n\t\t\t\t<\/div>\n\t\t\t\t<\/div>\n\t\t\t\t\t<\/div>\n\t\t<\/div>\n\t\t\t\t\t\t\t<\/div>\n\t\t<\/section>\n\t\t\t\t<section class=\"elementor-section elementor-top-section elementor-element elementor-element-3b74e597 elementor-section-boxed elementor-section-height-default elementor-section-height-default\" data-id=\"3b74e597\" data-element_type=\"section\">\n\t\t\t\t\t\t<div class=\"elementor-container elementor-column-gap-default\">\n\t\t\t\t\t<div class=\"elementor-column elementor-col-100 elementor-top-column elementor-element elementor-element-6df8c859\" data-id=\"6df8c859\" data-element_type=\"column\">\n\t\t\t<div class=\"elementor-widget-wrap elementor-element-populated\">\n\t\t\t\t\t\t\t\t<div class=\"elementor-element elementor-element-ba09807 elementor-widget elementor-widget-heading\" data-id=\"ba09807\" data-element_type=\"widget\" data-widget_type=\"heading.default\">\n\t\t\t\t<div class=\"elementor-widget-container\">\n\t\t\t<h1 class=\"elementor-heading-title elementor-size-default\">Tendencias en cortes de cabello para mujeres<\/h1>\t\t<\/div>\n\t\t\t\t<\/div>\n\t\t\t\t<div class=\"elementor-element elementor-element-ddac036 elementor-grid-4 elementor-grid-mobile-2 elementor-grid-tablet-2 elementor-posts--thumbnail-top elementor-widget elementor-widget-posts\" data-id=\"ddac036\" data-element_type=\"widget\" data-settings=\"{&quot;classic_columns&quot;:&quot;4&quot;,&quot;classic_columns_mobile&quot;:&quot;2&quot;,&quot;classic_row_gap&quot;:{&quot;unit&quot;:&quot;px&quot;,&quot;size&quot;:47,&quot;sizes&quot;:[]},&quot;classic_row_gap_mobile&quot;:{&quot;unit&quot;:&quot;px&quot;,&quot;size&quot;:11,&quot;sizes&quot;:[]},&quot;classic_columns_tablet&quot;:&quot;2&quot;,&quot;classic_row_gap_tablet&quot;:{&quot;unit&quot;:&quot;px&quot;,&quot;size&quot;:&quot;&quot;,&quot;sizes&quot;:[]}}\" data-widget_type=\"posts.classic\">\n\t\t\t\t<div class=\"elementor-widget-container\">\n\t\t\t\t\t<div class=\"elementor-posts-container elementor-posts elementor-posts--skin-classic elementor-grid\">\n\t\t\t\t<article class=\"elementor-post elementor-grid-item post-6894 post type-post status-publish format-standard has-post-thumbnail hentry category-cabelo-cinza category-cabelo-prateado category-cores-de-cabelo\">\n\t\t\t\t<a class=\"elementor-post__thumbnail__link\" href=\"https:\/\/cortesdecabelofeminino.com.br\/es\/como-tenir-el-cabello-gris-o-plata-2023-2\/\" >\n\t\t\t<div class=\"elementor-post__thumbnail\"><img loading=\"lazy\" decoding=\"async\" width=\"213\" height=\"300\" src=\"https:\/\/cortesdecabelofeminino.com.br\/wp-content\/uploads\/2022\/09\/como-tingir-o-cabelo-de-prata-ou-cinza-em-casa_6319681a23433-213x300.jpeg\" class=\"attachment-medium size-medium\" alt=\"\" \/><\/div>\n\t\t<\/a>\n\t\t\t\t<div class=\"elementor-post__text\">\n\t\t\t\t<h3 class=\"elementor-post__title\">\n\t\t\t<a href=\"https:\/\/cortesdecabelofeminino.com.br\/es\/como-tenir-el-cabello-gris-o-plata-2023-2\/\" >\n\t\t\t\tC\u00f3mo te\u00f1ir tu cabello de gris o plateado 2023: as\u00ed es como te\u00f1ir tu cabello de gris o plateado en casa\t\t\t<\/a>\n\t\t<\/h3>\n\t\t\t\t<div class=\"elementor-post__excerpt\">\n\t\t\t<p>Como muchas cosas en el mundo de la belleza, lograr unas canas perfectas no es f\u00e1cil.<\/p>\n\t\t<\/div>\n\t\t\t\t<\/div>\n\t\t\t\t<\/article>\n\t\t\t\t<article class=\"elementor-post elementor-grid-item post-7125 post type-post status-publish format-standard has-post-thumbnail hentry category-cores-de-cabelo category-cabelo-ruivo category-cabelo-vermelho\">\n\t\t\t\t<a class=\"elementor-post__thumbnail__link\" href=\"https:\/\/cortesdecabelofeminino.com.br\/es\/como-tenir-el-cabello-de-color-jengibre-2023\/\" >\n\t\t\t<div class=\"elementor-post__thumbnail\"><img loading=\"lazy\" decoding=\"async\" width=\"206\" height=\"300\" src=\"https:\/\/cortesdecabelofeminino.com.br\/wp-content\/uploads\/2022\/09\/como-tingir-o-cabelo-de-gengibre-em-casa_631a8f48e97c6-206x300.jpeg\" class=\"attachment-medium size-medium\" alt=\"\" \/><\/div>\n\t\t<\/a>\n\t\t\t\t<div class=\"elementor-post__text\">\n\t\t\t\t<h3 class=\"elementor-post__title\">\n\t\t\t<a href=\"https:\/\/cortesdecabelofeminino.com.br\/es\/como-tenir-el-cabello-de-color-jengibre-2023\/\" >\n\t\t\t\tC\u00f3mo te\u00f1ir el cabello de jengibre 2023: vea c\u00f3mo te\u00f1ir el cabello de jengibre en casa\t\t\t<\/a>\n\t\t<\/h3>\n\t\t\t\t<div class=\"elementor-post__excerpt\">\n\t\t\t<p>De pie entre el cabello cobrizo y el cabello rojo, el cabello rojo es atemporalmente elegante,<\/p>\n\t\t<\/div>\n\t\t\t\t<\/div>\n\t\t\t\t<\/article>\n\t\t\t\t<article class=\"elementor-post elementor-grid-item post-7003 post type-post status-publish format-standard has-post-thumbnail hentry category-cabelo-amarelo category-cores-de-cabelo\">\n\t\t\t\t<a class=\"elementor-post__thumbnail__link\" href=\"https:\/\/cortesdecabelofeminino.com.br\/es\/como-tenir-el-pelo-de-amarillo-2023\/\" >\n\t\t\t<div class=\"elementor-post__thumbnail\"><img loading=\"lazy\" decoding=\"async\" width=\"204\" height=\"300\" src=\"https:\/\/cortesdecabelofeminino.com.br\/wp-content\/uploads\/2022\/09\/como-tingir-o-cabelo-de-amarelo-em-casa_63198505555eb-204x300.jpeg\" class=\"attachment-medium size-medium\" alt=\"\" \/><\/div>\n\t\t<\/a>\n\t\t\t\t<div class=\"elementor-post__text\">\n\t\t\t\t<h3 class=\"elementor-post__title\">\n\t\t\t<a href=\"https:\/\/cortesdecabelofeminino.com.br\/es\/como-tenir-el-pelo-de-amarillo-2023\/\" >\n\t\t\t\tC\u00f3mo te\u00f1ir tu cabello de amarillo 2023 \u2013 Mira c\u00f3mo te\u00f1ir tu cabello de amarillo en casa\t\t\t<\/a>\n\t\t<\/h3>\n\t\t\t\t<div class=\"elementor-post__excerpt\">\n\t\t\t<p>El cabello amarillo ciertamente no es para los d\u00e9biles de coraz\u00f3n, y debe ser dominado.<\/p>\n\t\t<\/div>\n\t\t\t\t<\/div>\n\t\t\t\t<\/article>\n\t\t\t\t<article class=\"elementor-post elementor-grid-item post-5651 post type-post status-publish format-standard has-post-thumbnail hentry category-cores-de-cabelo category-cabelo-loiro\">\n\t\t\t\t<a class=\"elementor-post__thumbnail__link\" href=\"https:\/\/cortesdecabelofeminino.com.br\/es\/cabello-rubio-con-tonos-de-gris-2023\/\" >\n\t\t\t<div class=\"elementor-post__thumbnail\"><img loading=\"lazy\" decoding=\"async\" width=\"300\" height=\"211\" src=\"https:\/\/cortesdecabelofeminino.com.br\/wp-content\/uploads\/2022\/09\/63-tons-de-cor-de-cabelo-loiro-cinza-legal_6312c533487c9-300x211.jpeg\" class=\"attachment-medium size-medium\" alt=\"\" \/><\/div>\n\t\t<\/a>\n\t\t\t\t<div class=\"elementor-post__text\">\n\t\t\t\t<h3 class=\"elementor-post__title\">\n\t\t\t<a href=\"https:\/\/cortesdecabelofeminino.com.br\/es\/cabello-rubio-con-tonos-de-gris-2023\/\" >\n\t\t\t\tCabello rubio con tonos de gris 2023: vea 63 tonos de color de cabello rubio ceniza para cambiar su apariencia\t\t\t<\/a>\n\t\t<\/h3>\n\t\t\t\t<div class=\"elementor-post__excerpt\">\n\t\t\t<p>El cabello rubio gris\u00e1ceo es pr\u00e1cticamente el color de cabello rubio m\u00e1s caliente que cualquiera tiene.<\/p>\n\t\t<\/div>\n\t\t\t\t<\/div>\n\t\t\t\t<\/article>\n\t\t\t\t<article class=\"elementor-post elementor-grid-item post-1255 post type-post status-publish format-standard has-post-thumbnail hentry category-penteados\">\n\t\t\t\t<a class=\"elementor-post__thumbnail__link\" href=\"https:\/\/cortesdecabelofeminino.com.br\/es\/peinados-afeitados-tendencia-para-mujeres\/\" >\n\t\t\t<div class=\"elementor-post__thumbnail\"><img loading=\"lazy\" decoding=\"async\" width=\"300\" height=\"220\" src=\"https:\/\/cortesdecabelofeminino.com.br\/wp-content\/uploads\/2021\/11\/penteados-raspados-para-mulheres-opcoes-de-corte-de-cabelo-da-moda-para-os-ousados_61a69ae91ac77-300x220.jpeg\" class=\"attachment-medium size-medium\" alt=\"\" \/><\/div>\n\t\t<\/a>\n\t\t\t\t<div class=\"elementor-post__text\">\n\t\t\t\t<h3 class=\"elementor-post__title\">\n\t\t\t<a href=\"https:\/\/cortesdecabelofeminino.com.br\/es\/peinados-afeitados-tendencia-para-mujeres\/\" >\n\t\t\t\tTendencia de peinados afeitados para mujeres 2022: opciones de corte de pelo de moda para los atrevidos\t\t\t<\/a>\n\t\t<\/h3>\n\t\t\t\t<div class=\"elementor-post__excerpt\">\n\t\t\t<p>Los peinados afeitados para mujeres son la elecci\u00f3n de las naturalezas audaces y valientes que quieren ser<\/p>\n\t\t<\/div>\n\t\t\t\t<\/div>\n\t\t\t\t<\/article>\n\t\t\t\t<article class=\"elementor-post elementor-grid-item post-1173 post type-post status-publish format-standard has-post-thumbnail hentry category-penteados\">\n\t\t\t\t<a class=\"elementor-post__thumbnail__link\" href=\"https:\/\/cortesdecabelofeminino.com.br\/es\/90s-iconico-peinados-tendencia\/\" >\n\t\t\t<div class=\"elementor-post__thumbnail\"><img loading=\"lazy\" decoding=\"async\" width=\"223\" height=\"300\" src=\"https:\/\/cortesdecabelofeminino.com.br\/wp-content\/uploads\/2021\/11\/penteados-iconicos-dos-anos-90-e-mulheres-que-deixaram-sua-marca-na-decada_61a69a193675c-223x300.jpeg\" class=\"attachment-medium size-medium\" alt=\"\" \/><\/div>\n\t\t<\/a>\n\t\t\t\t<div class=\"elementor-post__text\">\n\t\t\t\t<h3 class=\"elementor-post__title\">\n\t\t\t<a href=\"https:\/\/cortesdecabelofeminino.com.br\/es\/90s-iconico-peinados-tendencia\/\" >\n\t\t\t\tTendencia de peinados ic\u00f3nicos de los 90 2022: mujeres que dejaron su huella en la d\u00e9cada\t\t\t<\/a>\n\t\t<\/h3>\n\t\t\t\t<div class=\"elementor-post__excerpt\">\n\t\t\t<p>Los peinados de los 90 no est\u00e1n completamente fuera de moda y podemos ver su<\/p>\n\t\t<\/div>\n\t\t\t\t<\/div>\n\t\t\t\t<\/article>\n\t\t\t\t<article class=\"elementor-post elementor-grid-item post-6620 post type-post status-publish format-standard has-post-thumbnail hentry category-cores-de-cabelo\">\n\t\t\t\t<a class=\"elementor-post__thumbnail__link\" href=\"https:\/\/cortesdecabelofeminino.com.br\/es\/cabello-balayage-2023\/\" >\n\t\t\t<div class=\"elementor-post__thumbnail\"><img loading=\"lazy\" decoding=\"async\" width=\"300\" height=\"219\" src=\"https:\/\/cortesdecabelofeminino.com.br\/wp-content\/uploads\/2022\/09\/51-ideias-e-destaques-de-cores-de-cabelo-balayage-para-experimentar_6318cc973f45c-300x219.jpeg\" class=\"attachment-medium size-medium\" alt=\"\" \/><\/div>\n\t\t<\/a>\n\t\t\t\t<div class=\"elementor-post__text\">\n\t\t\t\t<h3 class=\"elementor-post__title\">\n\t\t\t<a href=\"https:\/\/cortesdecabelofeminino.com.br\/es\/cabello-balayage-2023\/\" >\n\t\t\t\tBalayage Hair 2023: vea 51 ideas de color de cabello Balayage para probar\t\t\t<\/a>\n\t\t<\/h3>\n\t\t\t\t<div class=\"elementor-post__excerpt\">\n\t\t\t<p>&nbsp;Los colores de cabello Balayage son atemporales y perfectos. Que nadie te diga lo que<\/p>\n\t\t<\/div>\n\t\t\t\t<\/div>\n\t\t\t\t<\/article>\n\t\t\t\t<article class=\"elementor-post elementor-grid-item post-7209 post type-post status-publish format-standard has-post-thumbnail hentry category-cores-de-cabelo category-cabelo-verde\">\n\t\t\t\t<a class=\"elementor-post__thumbnail__link\" href=\"https:\/\/cortesdecabelofeminino.com.br\/es\/como-tenir-el-pelo-de-verde-2023\/\" >\n\t\t\t<div class=\"elementor-post__thumbnail\"><img loading=\"lazy\" decoding=\"async\" width=\"205\" height=\"300\" src=\"https:\/\/cortesdecabelofeminino.com.br\/wp-content\/uploads\/2022\/09\/como-tingir-o-cabelo-de-verde-em-casa_631b4bb51b4a1-205x300.jpeg\" class=\"attachment-medium size-medium\" alt=\"\" \/><\/div>\n\t\t<\/a>\n\t\t\t\t<div class=\"elementor-post__text\">\n\t\t\t\t<h3 class=\"elementor-post__title\">\n\t\t\t<a href=\"https:\/\/cortesdecabelofeminino.com.br\/es\/como-tenir-el-pelo-de-verde-2023\/\" >\n\t\t\t\tC\u00f3mo te\u00f1ir tu cabello de verde 2023 \u2013 Mira c\u00f3mo te\u00f1ir tu cabello de verde en casa\t\t\t<\/a>\n\t\t<\/h3>\n\t\t\t\t<div class=\"elementor-post__excerpt\">\n\t\t\t<p>No es el color de moda m\u00e1s f\u00e1cil de lograr, el cabello verde ciertamente requiere<\/p>\n\t\t<\/div>\n\t\t\t\t<\/div>\n\t\t\t\t<\/article>\n\t\t\t\t<article class=\"elementor-post elementor-grid-item post-6405 post type-post status-publish format-standard has-post-thumbnail hentry category-cabelo-curto category-cabelo-longo category-cabelo-medio\">\n\t\t\t\t<a class=\"elementor-post__thumbnail__link\" href=\"https:\/\/cortesdecabelofeminino.com.br\/es\/cortes-de-pelo-para-todas-las-formas-de-rostro-2023\/\" >\n\t\t\t<div class=\"elementor-post__thumbnail\"><img loading=\"lazy\" decoding=\"async\" width=\"300\" height=\"213\" src=\"https:\/\/cortesdecabelofeminino.com.br\/wp-content\/uploads\/2022\/09\/como-escolher-o-melhor-corte-de-cabelo-para-o-formato-do-seu-rosto_6317662010e44-300x213.jpeg\" class=\"attachment-medium size-medium\" alt=\"\" \/><\/div>\n\t\t<\/a>\n\t\t\t\t<div class=\"elementor-post__text\">\n\t\t\t\t<h3 class=\"elementor-post__title\">\n\t\t\t<a href=\"https:\/\/cortesdecabelofeminino.com.br\/es\/cortes-de-pelo-para-todas-las-formas-de-rostro-2023\/\" >\n\t\t\t\tCortes de pelo para todas las formas de cara 2023: c\u00f3mo elegir el mejor corte de pelo para la forma de tu cara\t\t\t<\/a>\n\t\t<\/h3>\n\t\t\t\t<div class=\"elementor-post__excerpt\">\n\t\t\t<p>\u00bfCu\u00e1l es el mejor corte de pelo para la forma de tu cara? debes balancearte<\/p>\n\t\t<\/div>\n\t\t\t\t<\/div>\n\t\t\t\t<\/article>\n\t\t\t\t<article class=\"elementor-post elementor-grid-item post-7297 post type-post status-publish format-standard has-post-thumbnail hentry category-cores-de-cabelo category-cabelo-cinza category-cabelo-loiro\">\n\t\t\t\t<a class=\"elementor-post__thumbnail__link\" href=\"https:\/\/cortesdecabelofeminino.com.br\/es\/como-tenir-el-pelo-rubio-gris-2023\/\" >\n\t\t\t<div class=\"elementor-post__thumbnail\"><img loading=\"lazy\" decoding=\"async\" width=\"205\" height=\"300\" src=\"https:\/\/cortesdecabelofeminino.com.br\/wp-content\/uploads\/2022\/09\/como-tingir-o-cabelo-de-loiro-cinza-em-casa_631c034b24d7b-205x300.jpeg\" class=\"attachment-medium size-medium\" alt=\"\" \/><\/div>\n\t\t<\/a>\n\t\t\t\t<div class=\"elementor-post__text\">\n\t\t\t\t<h3 class=\"elementor-post__title\">\n\t\t\t<a href=\"https:\/\/cortesdecabelofeminino.com.br\/es\/como-tenir-el-pelo-rubio-gris-2023\/\" >\n\t\t\t\tC\u00f3mo te\u00f1ir el cabello de rubio ceniza 2023 \u2013 Mira c\u00f3mo te\u00f1ir tu cabello de rubio ceniza en casa\t\t\t<\/a>\n\t\t<\/h3>\n\t\t\t\t<div class=\"elementor-post__excerpt\">\n\t\t\t<p>El cabello rubio ceniza 2023 es la combinaci\u00f3n perfecta de tonos ceniza y rubios,<\/p>\n\t\t<\/div>\n\t\t\t\t<\/div>\n\t\t\t\t<\/article>\n\t\t\t\t<article class=\"elementor-post elementor-grid-item post-7327 post type-post status-publish format-standard has-post-thumbnail hentry category-cores-de-cabelo category-cabelo-ameixa\">\n\t\t\t\t<a class=\"elementor-post__thumbnail__link\" href=\"https:\/\/cortesdecabelofeminino.com.br\/es\/como-pintar-pelo-de-ciruela-2023\/\" >\n\t\t\t<div class=\"elementor-post__thumbnail\"><img loading=\"lazy\" decoding=\"async\" width=\"205\" height=\"300\" src=\"https:\/\/cortesdecabelofeminino.com.br\/wp-content\/uploads\/2022\/09\/como-tingir-o-cabelo-de-ameixa-em-casa_631c05249f084-205x300.jpeg\" class=\"attachment-medium size-medium\" alt=\"\" \/><\/div>\n\t\t<\/a>\n\t\t\t\t<div class=\"elementor-post__text\">\n\t\t\t\t<h3 class=\"elementor-post__title\">\n\t\t\t<a href=\"https:\/\/cortesdecabelofeminino.com.br\/es\/como-pintar-pelo-de-ciruela-2023\/\" >\n\t\t\t\tC\u00f3mo te\u00f1ir el cabello ciruela 2023 \u2013 Mira c\u00f3mo te\u00f1ir el cabello ciruela en casa\t\t\t<\/a>\n\t\t<\/h3>\n\t\t\t\t<div class=\"elementor-post__excerpt\">\n\t\t\t<p>Hay mucho espacio para la creatividad con Plum Hair Color 2023 \u2013 Light Shades<\/p>\n\t\t<\/div>\n\t\t\t\t<\/div>\n\t\t\t\t<\/article>\n\t\t\t\t<article class=\"elementor-post elementor-grid-item post-2033 post type-post status-publish format-standard has-post-thumbnail hentry category-cabelo-curto\">\n\t\t\t\t<a class=\"elementor-post__thumbnail__link\" href=\"https:\/\/cortesdecabelofeminino.com.br\/es\/corte-de-pelo-corto-y-rizado-tendencia\/\" >\n\t\t\t<div class=\"elementor-post__thumbnail\"><img loading=\"lazy\" decoding=\"async\" width=\"200\" height=\"300\" src=\"https:\/\/cortesdecabelofeminino.com.br\/wp-content\/uploads\/2021\/12\/penteados-curtos-e-cacheados-otimas-ideias-para-penteados-formais-e-informais_61aa6e148c87d-200x300.jpeg\" class=\"attachment-medium size-medium\" alt=\"\" \/><\/div>\n\t\t<\/a>\n\t\t\t\t<div class=\"elementor-post__text\">\n\t\t\t\t<h3 class=\"elementor-post__title\">\n\t\t\t<a href=\"https:\/\/cortesdecabelofeminino.com.br\/es\/corte-de-pelo-corto-y-rizado-tendencia\/\" >\n\t\t\t\tTendencia de corte de pelo corto y rizado 2022: grandes ideas para cortes formales e informales\t\t\t<\/a>\n\t\t<\/h3>\n\t\t\t\t<div class=\"elementor-post__excerpt\">\n\t\t\t<p>Los cortes de pelo cortos y rizados pueden ser un desaf\u00edo, pero la verdad es que<\/p>\n\t\t<\/div>\n\t\t\t\t<\/div>\n\t\t\t\t<\/article>\n\t\t\t\t<\/div>\n\n\n\t\t\n\t\t\t\t<\/div>\n\t\t\t\t<\/div>\n\t\t\t\t\t<\/div>\n\t\t<\/div>\n\t\t\t\t\t\t\t<\/div>\n\t\t<\/section>\n\t\t\t\t<section class=\"elementor-section elementor-top-section elementor-element elementor-element-610915b9 elementor-section-full_width elementor-section-height-default elementor-section-height-default\" data-id=\"610915b9\" data-element_type=\"section\">\n\t\t\t\t\t\t<div class=\"elementor-container elementor-column-gap-no\">\n\t\t\t\t\t<div class=\"elementor-column elementor-col-100 elementor-top-column elementor-element elementor-element-18250e4e\" data-id=\"18250e4e\" data-element_type=\"column\">\n\t\t\t<div class=\"elementor-widget-wrap elementor-element-populated\">\n\t\t\t\t\t\t\t\t<div class=\"elementor-element elementor-element-de66aef elementor-grid-5 elementor-grid-mobile-2 elementor-grid-tablet-2 elementor-posts--thumbnail-top elementor-widget elementor-widget-posts\" data-id=\"de66aef\" data-element_type=\"widget\" data-settings=\"{&quot;classic_columns&quot;:&quot;5&quot;,&quot;classic_columns_mobile&quot;:&quot;2&quot;,&quot;classic_row_gap&quot;:{&quot;unit&quot;:&quot;px&quot;,&quot;size&quot;:47,&quot;sizes&quot;:[]},&quot;classic_row_gap_mobile&quot;:{&quot;unit&quot;:&quot;px&quot;,&quot;size&quot;:11,&quot;sizes&quot;:[]},&quot;classic_columns_tablet&quot;:&quot;2&quot;,&quot;classic_row_gap_tablet&quot;:{&quot;unit&quot;:&quot;px&quot;,&quot;size&quot;:&quot;&quot;,&quot;sizes&quot;:[]}}\" data-widget_type=\"posts.classic\">\n\t\t\t\t<div class=\"elementor-widget-container\">\n\t\t\t\t\t<div class=\"elementor-posts-container elementor-posts elementor-posts--skin-classic elementor-grid\">\n\t\t\t\t<article class=\"elementor-post elementor-grid-item post-3822 web-story type-web-story status-publish has-post-thumbnail hentry\">\n\t\t\t\t<a class=\"elementor-post__thumbnail__link\" href=\"https:\/\/cortesdecabelofeminino.com.br\/es\/historias-web\/10-cortes-de-pelo-para-cualquier-forma-de-rostro\/\" >\n\t\t\t<div class=\"elementor-post__thumbnail\"><img loading=\"lazy\" decoding=\"async\" width=\"225\" height=\"300\" src=\"https:\/\/cortesdecabelofeminino.com.br\/wp-content\/uploads\/2022\/08\/cropped-61-cortes-de-cabelo-curtos-fofos-penteados-curtos-para-todos-os-formatos-de-rosto_6307c21d2d789-225x300.jpeg\" class=\"attachment-medium size-medium\" alt=\"61 lindos cortes de pelo cortos: peinados cortos para todas las formas de la cara_6307c21df3454.jpeg\" \/><\/div>\n\t\t<\/a>\n\t\t\t\t<div class=\"elementor-post__text\">\n\t\t\t\t<h3 class=\"elementor-post__title\">\n\t\t\t<a href=\"https:\/\/cortesdecabelofeminino.com.br\/es\/historias-web\/10-cortes-de-pelo-para-cualquier-forma-de-rostro\/\" >\n\t\t\t\t10 cortes de pelo para cualquier forma de cara\t\t\t<\/a>\n\t\t<\/h3>\n\t\t\t\t<\/div>\n\t\t\t\t<\/article>\n\t\t\t\t<article class=\"elementor-post elementor-grid-item post-3180 web-story type-web-story status-publish has-post-thumbnail hentry\">\n\t\t\t\t<a class=\"elementor-post__thumbnail__link\" href=\"https:\/\/cortesdecabelofeminino.com.br\/es\/historias-web\/corte-de-pelo-corto-2023-para-pelo-rizado\/\" >\n\t\t\t<div class=\"elementor-post__thumbnail\"><img loading=\"lazy\" decoding=\"async\" width=\"225\" height=\"300\" src=\"https:\/\/cortesdecabelofeminino.com.br\/wp-content\/uploads\/2022\/08\/cropped-51-lindos-penteados-curtos-e-encaracolados-para-inspirar_6306f5e038859-225x300.jpeg\" class=\"attachment-medium size-medium\" alt=\"Corte de pelo corto 2023 para cabello rizado\" \/><\/div>\n\t\t<\/a>\n\t\t\t\t<div class=\"elementor-post__text\">\n\t\t\t\t<h3 class=\"elementor-post__title\">\n\t\t\t<a href=\"https:\/\/cortesdecabelofeminino.com.br\/es\/historias-web\/corte-de-pelo-corto-2023-para-pelo-rizado\/\" >\n\t\t\t\tCorte de pelo corto 2023 para cabello rizado\t\t\t<\/a>\n\t\t<\/h3>\n\t\t\t\t<\/div>\n\t\t\t\t<\/article>\n\t\t\t\t<article class=\"elementor-post elementor-grid-item post-3828 web-story type-web-story status-publish has-post-thumbnail hentry\">\n\t\t\t\t<a class=\"elementor-post__thumbnail__link\" href=\"https:\/\/cortesdecabelofeminino.com.br\/es\/historias-web\/bob-corte-de-pelo-medio-2023\/\" >\n\t\t\t<div class=\"elementor-post__thumbnail\"><img loading=\"lazy\" decoding=\"async\" width=\"225\" height=\"300\" src=\"https:\/\/cortesdecabelofeminino.com.br\/wp-content\/uploads\/2022\/08\/cropped-55-cortes-de-cabelo-bob-medio-para-abracar-o-bob-de-comprimento-medio-para-voce_6307c374d8278-225x300.jpeg\" class=\"attachment-medium size-medium\" alt=\"55 cortes de pelo bob medianos para abrazar: el bob de longitud media para ti_6307c375ab62e.jpeg\" \/><\/div>\n\t\t<\/a>\n\t\t\t\t<div class=\"elementor-post__text\">\n\t\t\t\t<h3 class=\"elementor-post__title\">\n\t\t\t<a href=\"https:\/\/cortesdecabelofeminino.com.br\/es\/historias-web\/bob-corte-de-pelo-medio-2023\/\" >\n\t\t\t\tCorte de pelo bob medio 2023: vea 55 tendencias y modelos de corte de pelo bob medio\t\t\t<\/a>\n\t\t<\/h3>\n\t\t\t\t<\/div>\n\t\t\t\t<\/article>\n\t\t\t\t<article class=\"elementor-post elementor-grid-item post-6968 web-story type-web-story status-publish has-post-thumbnail hentry\">\n\t\t\t\t<a class=\"elementor-post__thumbnail__link\" href=\"https:\/\/cortesdecabelofeminino.com.br\/es\/historias-web\/como-tenir-el-cabello-gris-o-plata-2023\/\" >\n\t\t\t<div class=\"elementor-post__thumbnail\"><img loading=\"lazy\" decoding=\"async\" width=\"225\" height=\"300\" src=\"https:\/\/cortesdecabelofeminino.com.br\/wp-content\/uploads\/2022\/09\/cropped-63-tons-de-cor-de-cabelo-loiro-cinza-legal_6312c5644f53d-225x300.jpeg\" class=\"attachment-medium size-medium\" alt=\"63 tonos de cabello rubio ceniza fresco color_6312c565237b6.jpeg\" \/><\/div>\n\t\t<\/a>\n\t\t\t\t<div class=\"elementor-post__text\">\n\t\t\t\t<h3 class=\"elementor-post__title\">\n\t\t\t<a href=\"https:\/\/cortesdecabelofeminino.com.br\/es\/historias-web\/como-tenir-el-cabello-gris-o-plata-2023\/\" >\n\t\t\t\tC\u00f3mo te\u00f1ir tu cabello de Gris o Plata 2023 en casa\t\t\t<\/a>\n\t\t<\/h3>\n\t\t\t\t<\/div>\n\t\t\t\t<\/article>\n\t\t\t\t<article class=\"elementor-post elementor-grid-item post-3841 web-story type-web-story status-publish has-post-thumbnail hentry\">\n\t\t\t\t<a class=\"elementor-post__thumbnail__link\" href=\"https:\/\/cortesdecabelofeminino.com.br\/es\/historias-web\/bob-corte-de-pelo-medio-2023-2\/\" >\n\t\t\t<div class=\"elementor-post__thumbnail\"><img loading=\"lazy\" decoding=\"async\" width=\"225\" height=\"300\" src=\"https:\/\/cortesdecabelofeminino.com.br\/wp-content\/uploads\/2022\/08\/cropped-55-cortes-de-cabelo-bob-medio-para-abracar-o-bob-de-comprimento-medio-para-voce_6307c3874b4be-225x300.jpeg\" class=\"attachment-medium size-medium\" alt=\"55 cortes de pelo bob medianos para abrazar: el bob de longitud media para ti_6307c3881b310.jpeg\" \/><\/div>\n\t\t<\/a>\n\t\t\t\t<div class=\"elementor-post__text\">\n\t\t\t\t<h3 class=\"elementor-post__title\">\n\t\t\t<a href=\"https:\/\/cortesdecabelofeminino.com.br\/es\/historias-web\/bob-corte-de-pelo-medio-2023-2\/\" >\n\t\t\t\tCorte de pelo bob medio 2023: vea 55 tendencias y modelos de corte de pelo bob medio\t\t\t<\/a>\n\t\t<\/h3>\n\t\t\t\t<\/div>\n\t\t\t\t<\/article>\n\t\t\t\t<\/div>\n\n\n\t\t\n\t\t\t\t<\/div>\n\t\t\t\t<\/div>\n\t\t\t\t<div class=\"elementor-element elementor-element-4f456f7a elementor-widget elementor-widget-shortcode\" data-id=\"4f456f7a\" data-element_type=\"widget\" data-widget_type=\"shortcode.default\">\n\t\t\t\t<div class=\"elementor-widget-container\">\n\t\t\t\t\t<div class=\"elementor-shortcode\">\t\t<div data-elementor-type=\"footer\" data-elementor-id=\"728\" class=\"elementor elementor-728\">\n\t\t\t\t\t\t\t\t<footer class=\"elementor-section elementor-top-section elementor-element elementor-element-0cea9fc elementor-section-boxed elementor-section-height-default elementor-section-height-default\" data-id=\"0cea9fc\" data-element_type=\"section\" data-settings=\"{&quot;background_background&quot;:&quot;classic&quot;}\">\n\t\t\t\t\t\t<div class=\"elementor-container elementor-column-gap-default\">\n\t\t\t\t\t<div class=\"elementor-column elementor-col-100 elementor-top-column elementor-element elementor-element-7f5cfb1\" data-id=\"7f5cfb1\" data-element_type=\"column\">\n\t\t\t<div class=\"elementor-widget-wrap elementor-element-populated\">\n\t\t\t\t\t\t\t\t<div class=\"elementor-element elementor-element-ccc5ad7 elementor-widget elementor-widget-image\" data-id=\"ccc5ad7\" data-element_type=\"widget\" data-widget_type=\"image.default\">\n\t\t\t\t<div class=\"elementor-widget-container\">\n\t\t\t\t\t\t\t\t\t\t\t\t\t\t\t<img decoding=\"async\" src=\"https:\/\/cortesdecabelofeminino.com.br\/wp-content\/uploads\/2021\/11\/corte-de-cabelo-feminino-1.png\" title=\"corte de pelo femenino\" alt=\"corte de pelo femenino\" \/>\t\t\t\t\t\t\t\t\t\t\t\t\t\t\t<\/div>\n\t\t\t\t<\/div>\n\t\t\t\t<div class=\"elementor-element elementor-element-f8e95c9 elementor-nav-menu__align-center elementor-nav-menu--dropdown-none elementor-hidden-phone elementor-widget elementor-widget-nav-menu\" data-id=\"f8e95c9\" data-element_type=\"widget\" data-settings=\"{&quot;layout&quot;:&quot;horizontal&quot;,&quot;submenu_icon&quot;:{&quot;value&quot;:&quot;&lt;i class=\\&quot;fas fa-caret-down\\&quot;&gt;&lt;\\\/i&gt;&quot;,&quot;library&quot;:&quot;fa-solid&quot;}}\" data-widget_type=\"nav-menu.default\">\n\t\t\t\t<div class=\"elementor-widget-container\">\n\t\t\t\t\t\t<nav migration_allowed=\"1\" migrated=\"0\" role=\"navigation\" class=\"elementor-nav-menu--main elementor-nav-menu__container elementor-nav-menu--layout-horizontal e--pointer-none\">\n\t\t\t\t<ul id=\"menu-1-f8e95c9\" class=\"elementor-nav-menu\"><li class=\"menu-item menu-item-type-post_type menu-item-object-post menu-item-2980\"><a href=\"https:\/\/cortesdecabelofeminino.com.br\/es\/politica-de-privacidad\/\" class=\"elementor-item\">Pol\u00edtica de privacidad<\/a><\/li>\n<li class=\"menu-item menu-item-type-post_type menu-item-object-post menu-item-2982\"><a href=\"https:\/\/cortesdecabelofeminino.com.br\/es\/sobre\/\" class=\"elementor-item\">Sobre<\/a><\/li>\n<li class=\"menu-item menu-item-type-post_type menu-item-object-post menu-item-2556\"><a href=\"https:\/\/cortesdecabelofeminino.com.br\/es\/entre-en-contacto\/\" class=\"elementor-item\">Entre en contacto<\/a><\/li>\n<li class=\"trp-language-switcher-container menu-item menu-item-type-post_type menu-item-object-language_switcher menu-item-has-children current-language-menu-item menu-item-8744\"><a href=\"https:\/\/cortesdecabelofeminino.com.br\/es\/wp-json\/wp\/v2\/pages\/696\" class=\"elementor-item elementor-item-anchor\"><span data-no-translation><img loading=\"lazy\" decoding=\"async\" class=\"trp-flag-image\" src=\"https:\/\/cortesdecabelofeminino.com.br\/wp-content\/plugins\/translatepress-multilingual\/assets\/images\/flags\/es_ES.png\" width=\"18\" height=\"12\" alt=\"es_ES\" title=\"Spanish\"><span class=\"trp-ls-language-name\">Spanish<\/span><\/span><\/a>\n<ul class=\"sub-menu elementor-nav-menu--dropdown\">\n\t<li class=\"trp-language-switcher-container menu-item menu-item-type-post_type menu-item-object-language_switcher current-language-menu-item menu-item-8745\"><a href=\"https:\/\/cortesdecabelofeminino.com.br\/es\/wp-json\/wp\/v2\/pages\/696\" class=\"elementor-sub-item elementor-item-anchor\"><span data-no-translation><img loading=\"lazy\" decoding=\"async\" class=\"trp-flag-image\" src=\"https:\/\/cortesdecabelofeminino.com.br\/wp-content\/plugins\/translatepress-multilingual\/assets\/images\/flags\/pt_BR.png\" width=\"18\" height=\"12\" alt=\"pt_BR\" title=\"Portuguese\"><span class=\"trp-ls-language-name\">Portuguese<\/span><\/span><\/a><\/li>\n\t<li class=\"trp-language-switcher-container menu-item menu-item-type-post_type menu-item-object-language_switcher current-language-menu-item menu-item-8741\"><a href=\"https:\/\/cortesdecabelofeminino.com.br\/es\/wp-json\/wp\/v2\/pages\/696\" class=\"elementor-sub-item elementor-item-anchor\"><span data-no-translation><img loading=\"lazy\" decoding=\"async\" class=\"trp-flag-image\" src=\"https:\/\/cortesdecabelofeminino.com.br\/wp-content\/plugins\/translatepress-multilingual\/assets\/images\/flags\/it_IT.png\" width=\"18\" height=\"12\" alt=\"it_IT\" title=\"Italian\"><span class=\"trp-ls-language-name\">Italian<\/span><\/span><\/a><\/li>\n\t<li class=\"trp-language-switcher-container menu-item menu-item-type-post_type menu-item-object-language_switcher current-language-menu-item menu-item-8742\"><a href=\"https:\/\/cortesdecabelofeminino.com.br\/es\/wp-json\/wp\/v2\/pages\/696\" class=\"elementor-sub-item elementor-item-anchor\"><span data-no-translation><img loading=\"lazy\" decoding=\"async\" class=\"trp-flag-image\" src=\"https:\/\/cortesdecabelofeminino.com.br\/wp-content\/plugins\/translatepress-multilingual\/assets\/images\/flags\/fr_FR.png\" width=\"18\" height=\"12\" alt=\"fr_FR\" title=\"French\"><span class=\"trp-ls-language-name\">French<\/span><\/span><\/a><\/li>\n<\/ul>\n<\/li>\n<\/ul>\t\t\t<\/nav>\n\t\t\t\t\t<div class=\"elementor-menu-toggle\" role=\"button\" tabindex=\"0\" aria-label=\"Alternar men\u00fa\" aria-expanded=\"false\">\n\t\t\t<i aria-hidden=\"true\" role=\"presentation\" class=\"elementor-menu-toggle__icon--open eicon-menu-bar\"><\/i><i aria-hidden=\"true\" role=\"presentation\" class=\"elementor-menu-toggle__icon--close eicon-close\"><\/i>\t\t\t<span class=\"elementor-screen-only\">Men\u00fa<\/span>\n\t\t<\/div>\n\t\t\t<nav class=\"elementor-nav-menu--dropdown elementor-nav-menu__container\" role=\"navigation\" aria-hidden=\"true\">\n\t\t\t\t<ul id=\"menu-2-f8e95c9\" class=\"elementor-nav-menu\"><li class=\"menu-item menu-item-type-post_type menu-item-object-post menu-item-2980\"><a href=\"https:\/\/cortesdecabelofeminino.com.br\/es\/politica-de-privacidad\/\" class=\"elementor-item\" tabindex=\"-1\">Pol\u00edtica de privacidad<\/a><\/li>\n<li class=\"menu-item menu-item-type-post_type menu-item-object-post menu-item-2982\"><a href=\"https:\/\/cortesdecabelofeminino.com.br\/es\/sobre\/\" class=\"elementor-item\" tabindex=\"-1\">Sobre<\/a><\/li>\n<li class=\"menu-item menu-item-type-post_type menu-item-object-post menu-item-2556\"><a href=\"https:\/\/cortesdecabelofeminino.com.br\/es\/entre-en-contacto\/\" class=\"elementor-item\" tabindex=\"-1\">Entre en contacto<\/a><\/li>\n<li class=\"trp-language-switcher-container menu-item menu-item-type-post_type menu-item-object-language_switcher menu-item-has-children current-language-menu-item menu-item-8744\"><a href=\"https:\/\/cortesdecabelofeminino.com.br\/es\/wp-json\/wp\/v2\/pages\/696\" class=\"elementor-item elementor-item-anchor\" tabindex=\"-1\"><span data-no-translation><img loading=\"lazy\" decoding=\"async\" class=\"trp-flag-image\" src=\"https:\/\/cortesdecabelofeminino.com.br\/wp-content\/plugins\/translatepress-multilingual\/assets\/images\/flags\/es_ES.png\" width=\"18\" height=\"12\" alt=\"es_ES\" title=\"Spanish\"><span class=\"trp-ls-language-name\">Spanish<\/span><\/span><\/a>\n<ul class=\"sub-menu elementor-nav-menu--dropdown\">\n\t<li class=\"trp-language-switcher-container menu-item menu-item-type-post_type menu-item-object-language_switcher current-language-menu-item menu-item-8745\"><a href=\"https:\/\/cortesdecabelofeminino.com.br\/es\/wp-json\/wp\/v2\/pages\/696\" class=\"elementor-sub-item elementor-item-anchor\" tabindex=\"-1\"><span data-no-translation><img loading=\"lazy\" decoding=\"async\" class=\"trp-flag-image\" src=\"https:\/\/cortesdecabelofeminino.com.br\/wp-content\/plugins\/translatepress-multilingual\/assets\/images\/flags\/pt_BR.png\" width=\"18\" height=\"12\" alt=\"pt_BR\" title=\"Portuguese\"><span class=\"trp-ls-language-name\">Portuguese<\/span><\/span><\/a><\/li>\n\t<li class=\"trp-language-switcher-container menu-item menu-item-type-post_type menu-item-object-language_switcher current-language-menu-item menu-item-8741\"><a href=\"https:\/\/cortesdecabelofeminino.com.br\/es\/wp-json\/wp\/v2\/pages\/696\" class=\"elementor-sub-item elementor-item-anchor\" tabindex=\"-1\"><span data-no-translation><img loading=\"lazy\" decoding=\"async\" class=\"trp-flag-image\" src=\"https:\/\/cortesdecabelofeminino.com.br\/wp-content\/plugins\/translatepress-multilingual\/assets\/images\/flags\/it_IT.png\" width=\"18\" height=\"12\" alt=\"it_IT\" title=\"Italian\"><span class=\"trp-ls-language-name\">Italian<\/span><\/span><\/a><\/li>\n\t<li class=\"trp-language-switcher-container menu-item menu-item-type-post_type menu-item-object-language_switcher current-language-menu-item menu-item-8742\"><a href=\"https:\/\/cortesdecabelofeminino.com.br\/es\/wp-json\/wp\/v2\/pages\/696\" class=\"elementor-sub-item elementor-item-anchor\" tabindex=\"-1\"><span data-no-translation><img loading=\"lazy\" decoding=\"async\" class=\"trp-flag-image\" src=\"https:\/\/cortesdecabelofeminino.com.br\/wp-content\/plugins\/translatepress-multilingual\/assets\/images\/flags\/fr_FR.png\" width=\"18\" height=\"12\" alt=\"fr_FR\" title=\"French\"><span class=\"trp-ls-language-name\">French<\/span><\/span><\/a><\/li>\n<\/ul>\n<\/li>\n<\/ul>\t\t\t<\/nav>\n\t\t\t\t<\/div>\n\t\t\t\t<\/div>\n\t\t\t\t<div class=\"elementor-element elementor-element-a588132 elementor-widget elementor-widget-text-editor\" data-id=\"a588132\" data-element_type=\"widget\" data-widget_type=\"text-editor.default\">\n\t\t\t\t<div class=\"elementor-widget-container\">\n\t\t\t\t\t\t\t<p>Copyright \u00a9 cortedecabelofeminino.com.br. Todos los derechos reservados 2022. Prohibida su reproducci\u00f3n parcial o total. Mapa del sitio \u2022 <a href=\"https:\/\/cortesdecabelofeminino.com.br\/es\/web-stories\/\">Historias web<\/a> \u2022 <a href=\"https:\/\/cortesdecabelofeminino.com.br\/es\/politica-de-privacidad\/\">Pol\u00edtica de privacidad<\/a><\/p>\t\t\t\t\t\t<\/div>\n\t\t\t\t<\/div>\n\t\t\t\t\t<\/div>\n\t\t<\/div>\n\t\t\t\t\t\t\t<\/div>\n\t\t<\/footer>\n\t\t\t\t\t\t<\/div>\n\t\t<\/div>\n\t\t\t\t<\/div>\n\t\t\t\t<\/div>\n\t\t\t\t\t<\/div>\n\t\t<\/div>\n\t\t\t\t\t\t\t<\/div>\n\t\t<\/section>\n\t\t\t\t\t\t\t<\/div>","protected":false},"excerpt":{"rendered":"<p>Tendencias en cortes de cabello para mujeres<\/p>","protected":false},"author":1,"featured_media":0,"parent":0,"menu_order":0,"comment_status":"closed","ping_status":"closed","template":"elementor_canvas","meta":{"footnotes":""},"class_list":["post-696","page","type-page","status-publish","hentry"],"_links":{"self":[{"href":"https:\/\/cortesdecabelofeminino.com.br\/es\/wp-json\/wp\/v2\/pages\/696","targetHints":{"allow":["GET"]}}],"collection":[{"href":"https:\/\/cortesdecabelofeminino.com.br\/es\/wp-json\/wp\/v2\/pages"}],"about":[{"href":"https:\/\/cortesdecabelofeminino.com.br\/es\/wp-json\/wp\/v2\/types\/page"}],"author":[{"embeddable":true,"href":"https:\/\/cortesdecabelofeminino.com.br\/es\/wp-json\/wp\/v2\/users\/1"}],"replies":[{"embeddable":true,"href":"https:\/\/cortesdecabelofeminino.com.br\/es\/wp-json\/wp\/v2\/comments?post=696"}],"version-history":[{"count":4,"href":"https:\/\/cortesdecabelofeminino.com.br\/es\/wp-json\/wp\/v2\/pages\/696\/revisions"}],"predecessor-version":[{"id":8695,"href":"https:\/\/cortesdecabelofeminino.com.br\/es\/wp-json\/wp\/v2\/pages\/696\/revisions\/8695"}],"wp:attachment":[{"href":"https:\/\/cortesdecabelofeminino.com.br\/es\/wp-json\/wp\/v2\/media?parent=696"}],"curies":[{"name":"wp","href":"https:\/\/api.w.org\/{rel}","templated":true}]}}